{"id":1969,"date":"2024-05-03T19:41:13","date_gmt":"2024-05-03T22:41:13","guid":{"rendered":"https:\/\/caproq.com\/?page_id=1969"},"modified":"2024-11-11T16:09:43","modified_gmt":"2024-11-11T19:09:43","slug":"estoy-listo-para-empezar","status":"publish","type":"page","link":"https:\/\/caproq.com\/index.php\/estoy-listo-para-empezar\/","title":{"rendered":"Estoy listo para empezar (HACER NUEVA)"},"content":{"rendered":"\t\t<div data-elementor-type=\"wp-page\" data-elementor-id=\"1969\" class=\"elementor elementor-1969\">\n\t\t\t\t<div class=\"elementor-element elementor-element-c3683b3 e-con-full e-flex e-con e-parent\" data-id=\"c3683b3\" data-element_type=\"container\" data-e-type=\"container\">\n\t\t<div class=\"elementor-element elementor-element-ad8503a e-con-full e-flex e-con e-child\" data-id=\"ad8503a\" data-element_type=\"container\" data-e-type=\"container\">\n\t\t\t\t<div class=\"elementor-element elementor-element-d4912a6 elementor-align-center elementor-widget elementor-widget-button\" data-id=\"d4912a6\" data-element_type=\"widget\" data-e-type=\"widget\" data-widget_type=\"button.default\">\n\t\t\t\t<div class=\"elementor-widget-container\">\n\t\t\t\t\t\t\t\t\t<div class=\"elementor-button-wrapper\">\n\t\t\t\t\t<a class=\"elementor-button elementor-button-link elementor-size-sm elementor-animation-shrink\" href=\"#MIEMPRE\">\n\t\t\t\t\t\t<span class=\"elementor-button-content-wrapper\">\n\t\t\t\t\t\t\t\t\t<span class=\"elementor-button-text\">\u00bfComo determino el precio de mis productos?<\/span>\n\t\t\t\t\t<\/span>\n\t\t\t\t\t<\/a>\n\t\t\t\t<\/div>\n\t\t\t\t\t\t\t\t<\/div>\n\t\t\t\t<\/div>\n\t\t\t\t<\/div>\n\t\t<div class=\"elementor-element elementor-element-9351d3f e-con-full e-flex e-con e-child\" data-id=\"9351d3f\" data-element_type=\"container\" data-e-type=\"container\">\n\t\t\t\t<div class=\"elementor-element elementor-element-e2f5027 elementor-align-center elementor-widget elementor-widget-button\" data-id=\"e2f5027\" data-element_type=\"widget\" data-e-type=\"widget\" data-widget_type=\"button.default\">\n\t\t\t\t<div class=\"elementor-widget-container\">\n\t\t\t\t\t\t\t\t\t<div class=\"elementor-button-wrapper\">\n\t\t\t\t\t<a class=\"elementor-button elementor-button-link elementor-size-sm elementor-animation-shrink\" href=\"#costo\">\n\t\t\t\t\t\t<span class=\"elementor-button-content-wrapper\">\n\t\t\t\t\t\t\t\t\t<span class=\"elementor-button-text\">\u00bfComo calculo el costo de producci\u00f3n?<\/span>\n\t\t\t\t\t<\/span>\n\t\t\t\t\t<\/a>\n\t\t\t\t<\/div>\n\t\t\t\t\t\t\t\t<\/div>\n\t\t\t\t<\/div>\n\t\t\t\t<\/div>\n\t\t<div class=\"elementor-element elementor-element-9b4ad14 e-con-full e-flex e-con e-child\" data-id=\"9b4ad14\" data-element_type=\"container\" data-e-type=\"container\">\n\t\t\t\t<div class=\"elementor-element elementor-element-f40589d elementor-align-center elementor-widget elementor-widget-button\" data-id=\"f40589d\" data-element_type=\"widget\" data-e-type=\"widget\" data-widget_type=\"button.default\">\n\t\t\t\t<div class=\"elementor-widget-container\">\n\t\t\t\t\t\t\t\t\t<div class=\"elementor-button-wrapper\">\n\t\t\t\t\t<a class=\"elementor-button elementor-button-link elementor-size-sm elementor-animation-shrink\" href=\"#marca\">\n\t\t\t\t\t\t<span class=\"elementor-button-content-wrapper\">\n\t\t\t\t\t\t\t\t\t<span class=\"elementor-button-text\">\u00bfPor qu\u00e9 es importante registrar el nombre de mi marca?<\/span>\n\t\t\t\t\t<\/span>\n\t\t\t\t\t<\/a>\n\t\t\t\t<\/div>\n\t\t\t\t\t\t\t\t<\/div>\n\t\t\t\t<\/div>\n\t\t\t\t<\/div>\n\t\t<div class=\"elementor-element elementor-element-06ddb81 e-con-full e-flex e-con e-child\" data-id=\"06ddb81\" data-element_type=\"container\" data-e-type=\"container\">\n\t\t\t\t<div class=\"elementor-element elementor-element-0d7ba26 elementor-align-center elementor-widget elementor-widget-button\" data-id=\"0d7ba26\" data-element_type=\"widget\" data-e-type=\"widget\" data-widget_type=\"button.default\">\n\t\t\t\t<div class=\"elementor-widget-container\">\n\t\t\t\t\t\t\t\t\t<div class=\"elementor-button-wrapper\">\n\t\t\t\t\t<a class=\"elementor-button elementor-button-link elementor-size-sm elementor-animation-shrink\" href=\"#voz\">\n\t\t\t\t\t\t<span class=\"elementor-button-content-wrapper\">\n\t\t\t\t\t\t\t\t\t<span class=\"elementor-button-text\">Voz de Marca<\/span>\n\t\t\t\t\t<\/span>\n\t\t\t\t\t<\/a>\n\t\t\t\t<\/div>\n\t\t\t\t\t\t\t\t<\/div>\n\t\t\t\t<\/div>\n\t\t\t\t<\/div>\n\t\t<div class=\"elementor-element elementor-element-2de4d76 e-con-full e-flex e-con e-child\" data-id=\"2de4d76\" data-element_type=\"container\" data-e-type=\"container\">\n\t\t\t\t<div class=\"elementor-element elementor-element-ac50976 elementor-align-center elementor-widget elementor-widget-button\" data-id=\"ac50976\" data-element_type=\"widget\" data-e-type=\"widget\" data-widget_type=\"button.default\">\n\t\t\t\t<div class=\"elementor-widget-container\">\n\t\t\t\t\t\t\t\t\t<div class=\"elementor-button-wrapper\">\n\t\t\t\t\t<a class=\"elementor-button elementor-button-link elementor-size-sm elementor-animation-shrink\" href=\"#img\">\n\t\t\t\t\t\t<span class=\"elementor-button-content-wrapper\">\n\t\t\t\t\t\t\t\t\t<span class=\"elementor-button-text\">La imagen de mi emprendimiento<\/span>\n\t\t\t\t\t<\/span>\n\t\t\t\t\t<\/a>\n\t\t\t\t<\/div>\n\t\t\t\t\t\t\t\t<\/div>\n\t\t\t\t<\/div>\n\t\t\t\t<\/div>\n\t\t\t\t<\/div>\n\t\t<div class=\"elementor-element elementor-element-c8c2d68 e-flex e-con-boxed e-con e-parent\" data-id=\"c8c2d68\" data-element_type=\"container\" data-e-type=\"container\">\n\t\t\t\t\t<div class=\"e-con-inner\">\n\t\t\t\t<div class=\"elementor-element elementor-element-822e3a1 elementor-widget elementor-widget-text-editor\" data-id=\"822e3a1\" data-element_type=\"widget\" data-e-type=\"widget\" id=\"MIEMPRE\" data-widget_type=\"text-editor.default\">\n\t\t\t\t<div class=\"elementor-widget-container\">\n\t\t\t\t\t\t\t\t\t<p style=\"text-align: left;\"><span style=\"color: #2f3b69;\">ADMINISTRANDO MI EMPRENDIMIENTO<\/span><\/p>\t\t\t\t\t\t\t\t<\/div>\n\t\t\t\t<\/div>\n\t\t\t\t<div class=\"elementor-element elementor-element-dae99e9 elementor-widget elementor-widget-heading\" data-id=\"dae99e9\" data-element_type=\"widget\" data-e-type=\"widget\" data-widget_type=\"heading.default\">\n\t\t\t\t<div class=\"elementor-widget-container\">\n\t\t\t\t\t<h2 class=\"elementor-heading-title elementor-size-default\"><b>\u00bfC\u00f3mo determino el precio de mis productos? \u00bfQu\u00e9 debo tener en cuenta?\n<\/b><\/h2>\t\t\t\t<\/div>\n\t\t\t\t<\/div>\n\t\t\t\t<div class=\"elementor-element elementor-element-76f4287 elementor-widget elementor-widget-text-editor\" data-id=\"76f4287\" data-element_type=\"widget\" data-e-type=\"widget\" data-widget_type=\"text-editor.default\">\n\t\t\t\t<div class=\"elementor-widget-container\">\n\t\t\t\t\t\t\t\t\t<h4><span style=\"font-weight: 400; color: #000000;\">Determinar el precio de un producto en un emprendimiento implica considerar varios factores clave:<\/span><\/h4>\t\t\t\t\t\t\t\t<\/div>\n\t\t\t\t<\/div>\n\t\t<div class=\"elementor-element elementor-element-7daa3f5 e-flex e-con-boxed e-con e-child\" data-id=\"7daa3f5\" data-element_type=\"container\" data-e-type=\"container\">\n\t\t\t\t\t<div class=\"e-con-inner\">\n\t\t<div class=\"elementor-element elementor-element-fc214a4 e-con-full e-flex e-con e-child\" data-id=\"fc214a4\" data-element_type=\"container\" data-e-type=\"container\" data-settings=\"{&quot;background_background&quot;:&quot;classic&quot;}\">\n\t\t\t\t<div class=\"elementor-element elementor-element-e62ec0c elementor-widget elementor-widget-heading\" data-id=\"e62ec0c\" data-element_type=\"widget\" data-e-type=\"widget\" data-widget_type=\"heading.default\">\n\t\t\t\t<div class=\"elementor-widget-container\">\n\t\t\t\t\t<h2 class=\"elementor-heading-title elementor-size-default\">COSTOS DE PRODUCCI\u00d3N<\/h2>\t\t\t\t<\/div>\n\t\t\t\t<\/div>\n\t\t\t\t<div class=\"elementor-element elementor-element-b7456d5 elementor-widget elementor-widget-text-editor\" data-id=\"b7456d5\" data-element_type=\"widget\" data-e-type=\"widget\" data-widget_type=\"text-editor.default\">\n\t\t\t\t<div class=\"elementor-widget-container\">\n\t\t\t\t\t\t\t\t\t<h5><span style=\"font-weight: 400;\">Calcula todos los costos involucrados en la fabricaci\u00f3n o adquisici\u00f3n del producto, incluyendo materiales, mano de obra, y gastos generales.<\/span><span style=\"font-weight: 400;\"><br \/><\/span><\/h5>\t\t\t\t\t\t\t\t<\/div>\n\t\t\t\t<\/div>\n\t\t\t\t<\/div>\n\t\t<div class=\"elementor-element elementor-element-5e78f41 e-con-full e-flex e-con e-child\" data-id=\"5e78f41\" data-element_type=\"container\" data-e-type=\"container\" data-settings=\"{&quot;background_background&quot;:&quot;classic&quot;}\">\n\t\t\t\t<div class=\"elementor-element elementor-element-09631bc elementor-widget elementor-widget-heading\" data-id=\"09631bc\" data-element_type=\"widget\" data-e-type=\"widget\" data-widget_type=\"heading.default\">\n\t\t\t\t<div class=\"elementor-widget-container\">\n\t\t\t\t\t<h2 class=\"elementor-heading-title elementor-size-default\">COMPETENCIA<\/h2>\t\t\t\t<\/div>\n\t\t\t\t<\/div>\n\t\t\t\t<div class=\"elementor-element elementor-element-68fa747 elementor-widget elementor-widget-text-editor\" data-id=\"68fa747\" data-element_type=\"widget\" data-e-type=\"widget\" data-widget_type=\"text-editor.default\">\n\t\t\t\t<div class=\"elementor-widget-container\">\n\t\t\t\t\t\t\t\t\t<h5><span style=\"font-weight: 400;\">Analiza los precios de productos similares en el mercado para asegurarte de que tu precio sea competitivo y atractivo para los clientes.<\/span><span style=\"font-weight: 400;\"><br \/><\/span><\/h5>\t\t\t\t\t\t\t\t<\/div>\n\t\t\t\t<\/div>\n\t\t\t\t<\/div>\n\t\t<div class=\"elementor-element elementor-element-bea44db e-con-full e-flex e-con e-child\" data-id=\"bea44db\" data-element_type=\"container\" data-e-type=\"container\" data-settings=\"{&quot;background_background&quot;:&quot;classic&quot;}\">\n\t\t\t\t<div class=\"elementor-element elementor-element-36b809c elementor-widget elementor-widget-heading\" data-id=\"36b809c\" data-element_type=\"widget\" data-e-type=\"widget\" data-widget_type=\"heading.default\">\n\t\t\t\t<div class=\"elementor-widget-container\">\n\t\t\t\t\t<h2 class=\"elementor-heading-title elementor-size-default\">VALOR PERCIBIDO<\/h2>\t\t\t\t<\/div>\n\t\t\t\t<\/div>\n\t\t\t\t<div class=\"elementor-element elementor-element-42a9579 elementor-widget elementor-widget-text-editor\" data-id=\"42a9579\" data-element_type=\"widget\" data-e-type=\"widget\" data-widget_type=\"text-editor.default\">\n\t\t\t\t<div class=\"elementor-widget-container\">\n\t\t\t\t\t\t\t\t\t<h5><span style=\"font-weight: 400;\">Considera cu\u00e1nto valor perciben los clientes en tu producto en comparaci\u00f3n con otras opciones disponibles en el mercado.<\/span><span style=\"font-weight: 400;\"><br \/><\/span><\/h5>\t\t\t\t\t\t\t\t<\/div>\n\t\t\t\t<\/div>\n\t\t\t\t<\/div>\n\t\t\t\t\t<\/div>\n\t\t\t\t<\/div>\n\t\t<div class=\"elementor-element elementor-element-2baccb4 e-flex e-con-boxed e-con e-child\" data-id=\"2baccb4\" data-element_type=\"container\" data-e-type=\"container\">\n\t\t\t\t\t<div class=\"e-con-inner\">\n\t\t<div class=\"elementor-element elementor-element-ec9f741 e-con-full e-flex e-con e-child\" data-id=\"ec9f741\" data-element_type=\"container\" data-e-type=\"container\" data-settings=\"{&quot;background_background&quot;:&quot;classic&quot;}\">\n\t\t\t\t<div class=\"elementor-element elementor-element-b5b99ae elementor-widget elementor-widget-heading\" data-id=\"b5b99ae\" data-element_type=\"widget\" data-e-type=\"widget\" data-widget_type=\"heading.default\">\n\t\t\t\t<div class=\"elementor-widget-container\">\n\t\t\t\t\t<h2 class=\"elementor-heading-title elementor-size-default\">ESTRATEGIA DE MARCA<\/h2>\t\t\t\t<\/div>\n\t\t\t\t<\/div>\n\t\t\t\t<div class=\"elementor-element elementor-element-8be7f9a elementor-widget elementor-widget-text-editor\" data-id=\"8be7f9a\" data-element_type=\"widget\" data-e-type=\"widget\" data-widget_type=\"text-editor.default\">\n\t\t\t\t<div class=\"elementor-widget-container\">\n\t\t\t\t\t\t\t\t\t<h5><span style=\"font-weight: 400;\">Determina si deseas posicionar tu producto como una opci\u00f3n de alta gama, de valor, o de bajo costo, y ajusta el precio en consecuencia.<\/span><span style=\"font-weight: 400;\"><br \/><\/span><\/h5>\t\t\t\t\t\t\t\t<\/div>\n\t\t\t\t<\/div>\n\t\t\t\t<\/div>\n\t\t<div class=\"elementor-element elementor-element-d53b6dd e-con-full e-flex e-con e-child\" data-id=\"d53b6dd\" data-element_type=\"container\" data-e-type=\"container\" data-settings=\"{&quot;background_background&quot;:&quot;classic&quot;}\">\n\t\t\t\t<div class=\"elementor-element elementor-element-215a36f elementor-widget elementor-widget-heading\" data-id=\"215a36f\" data-element_type=\"widget\" data-e-type=\"widget\" data-widget_type=\"heading.default\">\n\t\t\t\t<div class=\"elementor-widget-container\">\n\t\t\t\t\t<h2 class=\"elementor-heading-title elementor-size-default\">OBJETIVOS FINANCIEROS<\/h2>\t\t\t\t<\/div>\n\t\t\t\t<\/div>\n\t\t\t\t<div class=\"elementor-element elementor-element-15507fc elementor-widget elementor-widget-text-editor\" data-id=\"15507fc\" data-element_type=\"widget\" data-e-type=\"widget\" data-widget_type=\"text-editor.default\">\n\t\t\t\t<div class=\"elementor-widget-container\">\n\t\t\t\t\t\t\t\t\t<h5><span style=\"font-weight: 400;\">Aseg\u00farate de que el precio del producto te permita alcanzar tus objetivos financieros, como cubrir costos, generar ganancias y mantener la viabilidad a largo plazo del negocio.<\/span><\/h5>\t\t\t\t\t\t\t\t<\/div>\n\t\t\t\t<\/div>\n\t\t\t\t<\/div>\n\t\t\t\t\t<\/div>\n\t\t\t\t<\/div>\n\t\t\t\t<div class=\"elementor-element elementor-element-6ec1c81 elementor-widget elementor-widget-text-editor\" data-id=\"6ec1c81\" data-element_type=\"widget\" data-e-type=\"widget\" data-widget_type=\"text-editor.default\">\n\t\t\t\t<div class=\"elementor-widget-container\">\n\t\t\t\t\t\t\t\t\t<p style=\"text-align: left;\"><span style=\"color: #000000;\">Al considerar estos factores, podr\u00e1s establecer un precio que sea atractivo para los clientes y rentable para tu emprendimiento.<\/span><\/p>\t\t\t\t\t\t\t\t<\/div>\n\t\t\t\t<\/div>\n\t\t\t\t<div class=\"elementor-element elementor-element-411d30a elementor-widget elementor-widget-heading\" data-id=\"411d30a\" data-element_type=\"widget\" data-e-type=\"widget\" id=\"costo\" data-widget_type=\"heading.default\">\n\t\t\t\t<div class=\"elementor-widget-container\">\n\t\t\t\t\t<h2 class=\"elementor-heading-title elementor-size-default\"><b>\u00bfComo calculo el costo de produccion?<\/b><\/h2>\t\t\t\t<\/div>\n\t\t\t\t<\/div>\n\t\t\t\t<div class=\"elementor-element elementor-element-6cd09ae elementor-widget elementor-widget-text-editor\" data-id=\"6cd09ae\" data-element_type=\"widget\" data-e-type=\"widget\" data-widget_type=\"text-editor.default\">\n\t\t\t\t<div class=\"elementor-widget-container\">\n\t\t\t\t\t\t\t\t\t<p><span style=\"font-weight: 400; color: #000000;\">Al hablar de costos de producci\u00f3n, es importante entender la distinci\u00f3n entre costos fijos y costos variables:<\/span><\/p>\t\t\t\t\t\t\t\t<\/div>\n\t\t\t\t<\/div>\n\t\t<div class=\"elementor-element elementor-element-62d3ce0 e-flex e-con-boxed e-con e-child\" data-id=\"62d3ce0\" data-element_type=\"container\" data-e-type=\"container\">\n\t\t\t\t\t<div class=\"e-con-inner\">\n\t\t<div class=\"elementor-element elementor-element-79d9b22 e-con-full e-flex e-con e-child\" data-id=\"79d9b22\" data-element_type=\"container\" data-e-type=\"container\" data-settings=\"{&quot;background_background&quot;:&quot;classic&quot;}\">\n\t\t\t\t<div class=\"elementor-element elementor-element-25a6047 elementor-widget elementor-widget-heading\" data-id=\"25a6047\" data-element_type=\"widget\" data-e-type=\"widget\" data-widget_type=\"heading.default\">\n\t\t\t\t<div class=\"elementor-widget-container\">\n\t\t\t\t\t<h2 class=\"elementor-heading-title elementor-size-default\">COSTOS FIJOS<\/h2>\t\t\t\t<\/div>\n\t\t\t\t<\/div>\n\t\t\t\t<div class=\"elementor-element elementor-element-e217317 elementor-widget elementor-widget-text-editor\" data-id=\"e217317\" data-element_type=\"widget\" data-e-type=\"widget\" data-widget_type=\"text-editor.default\">\n\t\t\t\t<div class=\"elementor-widget-container\">\n\t\t\t\t\t\t\t\t\t<h5><span style=\"font-weight: 400; color: #ffffff;\">Son aquellos que no cambian independientemente de la cantidad de productos que produzcas o vendas. Ejemplos de costos fijos incluyen el alquiler de la ubicaci\u00f3n del negocio, los salarios del personal administrativo, los costos de seguro y los gastos de marketing fijos.<\/span><\/h5>\t\t\t\t\t\t\t\t<\/div>\n\t\t\t\t<\/div>\n\t\t\t\t<\/div>\n\t\t<div class=\"elementor-element elementor-element-fb69547 e-con-full e-flex e-con e-child\" data-id=\"fb69547\" data-element_type=\"container\" data-e-type=\"container\" data-settings=\"{&quot;background_background&quot;:&quot;classic&quot;}\">\n\t\t\t\t<div class=\"elementor-element elementor-element-c87509a elementor-widget elementor-widget-heading\" data-id=\"c87509a\" data-element_type=\"widget\" data-e-type=\"widget\" data-widget_type=\"heading.default\">\n\t\t\t\t<div class=\"elementor-widget-container\">\n\t\t\t\t\t<h2 class=\"elementor-heading-title elementor-size-default\">COSTOS VARIABLES<\/h2>\t\t\t\t<\/div>\n\t\t\t\t<\/div>\n\t\t\t\t<div class=\"elementor-element elementor-element-f7c574e elementor-widget elementor-widget-text-editor\" data-id=\"f7c574e\" data-element_type=\"widget\" data-e-type=\"widget\" data-widget_type=\"text-editor.default\">\n\t\t\t\t<div class=\"elementor-widget-container\">\n\t\t\t\t\t\t\t\t\t<h5><span style=\"font-weight: 400; color: #ffffff;\">Son aquellos que cambian en proporci\u00f3n directa a la cantidad de productos que produces o vendes. Ejemplos de costos variables son el costo de los materiales para fabricar el producto, la mano de obra directa asociada a la producci\u00f3n y los costos de env\u00edo.<\/span><\/h5>\t\t\t\t\t\t\t\t<\/div>\n\t\t\t\t<\/div>\n\t\t\t\t<\/div>\n\t\t\t\t\t<\/div>\n\t\t\t\t<\/div>\n\t\t\t\t<div class=\"elementor-element elementor-element-45e4187 elementor-widget elementor-widget-text-editor\" data-id=\"45e4187\" data-element_type=\"widget\" data-e-type=\"widget\" data-widget_type=\"text-editor.default\">\n\t\t\t\t<div class=\"elementor-widget-container\">\n\t\t\t\t\t\t\t\t\t<p><span style=\"color: #003366;\">Es importante tener en cuenta tanto los costos fijos como los variables al calcular el costo total de producci\u00f3n de tu producto. Sumar ambos tipos de costos te dar\u00e1 una idea clara de cu\u00e1nto te cuesta fabricar cada unidad del producto, lo que luego te ayudar\u00e1 a establecer un precio que cubra esos costos y te permita generar ganancias.<\/span><\/p>\t\t\t\t\t\t\t\t<\/div>\n\t\t\t\t<\/div>\n\t\t\t\t\t<\/div>\n\t\t\t\t<\/div>\n\t\t<div class=\"elementor-element elementor-element-cb9c137 e-flex e-con-boxed e-con e-parent\" data-id=\"cb9c137\" data-element_type=\"container\" data-e-type=\"container\" data-settings=\"{&quot;shape_divider_top&quot;:&quot;opacity-fan&quot;}\">\n\t\t\t\t\t<div class=\"e-con-inner\">\n\t\t\t\t<div class=\"elementor-shape elementor-shape-top\" aria-hidden=\"true\" data-negative=\"false\">\n\t\t\t<svg xmlns=\"http:\/\/www.w3.org\/2000\/svg\" viewBox=\"0 0 283.5 19.6\" preserveAspectRatio=\"none\">\n\t<path class=\"elementor-shape-fill\" style=\"opacity:0.33\" d=\"M0 0L0 18.8 141.8 4.1 283.5 18.8 283.5 0z\"\/>\n\t<path class=\"elementor-shape-fill\" style=\"opacity:0.33\" d=\"M0 0L0 12.6 141.8 4 283.5 12.6 283.5 0z\"\/>\n\t<path class=\"elementor-shape-fill\" style=\"opacity:0.33\" d=\"M0 0L0 6.4 141.8 4 283.5 6.4 283.5 0z\"\/>\n\t<path class=\"elementor-shape-fill\" d=\"M0 0L0 1.2 141.8 4 283.5 1.2 283.5 0z\"\/>\n<\/svg>\t\t<\/div>\n\t\t\t\t<div class=\"elementor-element elementor-element-84d78eb elementor-widget elementor-widget-text-editor\" data-id=\"84d78eb\" data-element_type=\"widget\" data-e-type=\"widget\" data-widget_type=\"text-editor.default\">\n\t\t\t\t<div class=\"elementor-widget-container\">\n\t\t\t\t\t\t\t\t\t<p style=\"text-align: left;\"><span style=\"color: #000000;\">CONSTRUYENDO LA IDENTIDAD DE MI EMPRENDIMIENTO<\/span><\/p>\t\t\t\t\t\t\t\t<\/div>\n\t\t\t\t<\/div>\n\t\t\t\t<div class=\"elementor-element elementor-element-cc48bcf elementor-widget elementor-widget-text-editor\" data-id=\"cc48bcf\" data-element_type=\"widget\" data-e-type=\"widget\" data-widget_type=\"text-editor.default\">\n\t\t\t\t<div class=\"elementor-widget-container\">\n\t\t\t\t\t\t\t\t\t<p><span style=\"font-weight: 400; color: #000000;\">Es recomendable comenzar por registrar tu marca antes de trabajar en el dise\u00f1o final. Esto se debe a que el registro de la marca es un proceso que puede llevar tiempo y es importante asegurarse de que el nombre que tienes en mente est\u00e9 disponible y no est\u00e9 siendo utilizado por otra empresa en tu industria o \u00e1rea geogr\u00e1fica.<\/span><\/p><p><span style=\"font-weight: 400; color: #000000;\">Una vez que hayas confirmado la disponibilidad de tu nombre de marca y hayas completado el proceso de registro, puedes proceder con el dise\u00f1o de la identidad visual de tu marca, que incluye el logotipo, los colores, las tipograf\u00edas y otros elementos visuales que representar\u00e1n a tu negocio.<\/span><\/p><p><span style=\"font-weight: 400; color: #000000;\">Al registrar tu marca primero, te aseguras de que tienes los derechos legales sobre el nombre y puedes evitar posibles complicaciones legales o disputas en el futuro. Adem\u00e1s, al tener la marca registrada, puedes incorporar elementos de la identidad visual que reflejen y refuercen la personalidad y los valores de tu marca de manera coherente y efectiva.<\/span><\/p>\t\t\t\t\t\t\t\t<\/div>\n\t\t\t\t<\/div>\n\t\t\t\t<div class=\"elementor-element elementor-element-0253142 elementor-widget elementor-widget-heading\" data-id=\"0253142\" data-element_type=\"widget\" data-e-type=\"widget\" id=\"marca\" data-widget_type=\"heading.default\">\n\t\t\t\t<div class=\"elementor-widget-container\">\n\t\t\t\t\t<h2 class=\"elementor-heading-title elementor-size-default\"><b>\u00bfPor qu\u00e9 es importante registrar el nombre de mi marca?\n<\/b><\/h2>\t\t\t\t<\/div>\n\t\t\t\t<\/div>\n\t\t\t\t<div class=\"elementor-element elementor-element-1699981 elementor-widget elementor-widget-text-editor\" data-id=\"1699981\" data-element_type=\"widget\" data-e-type=\"widget\" data-widget_type=\"text-editor.default\">\n\t\t\t\t<div class=\"elementor-widget-container\">\n\t\t\t\t\t\t\t\t\t<p><span style=\"font-weight: 400; color: #000000;\">Registrar el nombre de tu marca es importante por varias razones:<\/span><\/p>\t\t\t\t\t\t\t\t<\/div>\n\t\t\t\t<\/div>\n\t\t<div class=\"elementor-element elementor-element-02d8fa0 e-flex e-con-boxed e-con e-child\" data-id=\"02d8fa0\" data-element_type=\"container\" data-e-type=\"container\">\n\t\t\t\t\t<div class=\"e-con-inner\">\n\t\t<div class=\"elementor-element elementor-element-fe91d3d e-con-full e-flex e-con e-child\" data-id=\"fe91d3d\" data-element_type=\"container\" data-e-type=\"container\" data-settings=\"{&quot;background_background&quot;:&quot;classic&quot;}\">\n\t\t\t\t<div class=\"elementor-element elementor-element-b47c9e9 elementor-widget elementor-widget-heading\" data-id=\"b47c9e9\" data-element_type=\"widget\" data-e-type=\"widget\" data-widget_type=\"heading.default\">\n\t\t\t\t<div class=\"elementor-widget-container\">\n\t\t\t\t\t<h2 class=\"elementor-heading-title elementor-size-default\">PROTECCI\u00d3N LEGAL<\/h2>\t\t\t\t<\/div>\n\t\t\t\t<\/div>\n\t\t\t\t<div class=\"elementor-element elementor-element-2de216c elementor-widget elementor-widget-text-editor\" data-id=\"2de216c\" data-element_type=\"widget\" data-e-type=\"widget\" data-widget_type=\"text-editor.default\">\n\t\t\t\t<div class=\"elementor-widget-container\">\n\t\t\t\t\t\t\t\t\t<h5><span style=\"font-weight: 400; color: #ffffff;\">Al registrar tu nombre de marca, obtienes derechos legales sobre ese nombre y puedes evitar que otros lo utilicen sin tu permiso. Esto te protege de la competencia desleal y te otorga el derecho exclusivo de usar ese nombre en tu industria.<\/span><\/h5>\t\t\t\t\t\t\t\t<\/div>\n\t\t\t\t<\/div>\n\t\t\t\t<\/div>\n\t\t<div class=\"elementor-element elementor-element-3740975 e-con-full e-flex e-con e-child\" data-id=\"3740975\" data-element_type=\"container\" data-e-type=\"container\" data-settings=\"{&quot;background_background&quot;:&quot;classic&quot;}\">\n\t\t\t\t<div class=\"elementor-element elementor-element-62cf00f elementor-widget elementor-widget-heading\" data-id=\"62cf00f\" data-element_type=\"widget\" data-e-type=\"widget\" data-widget_type=\"heading.default\">\n\t\t\t\t<div class=\"elementor-widget-container\">\n\t\t\t\t\t<h2 class=\"elementor-heading-title elementor-size-default\">CONSTRUCCI\u00d3N DE MARCA<\/h2>\t\t\t\t<\/div>\n\t\t\t\t<\/div>\n\t\t\t\t<div class=\"elementor-element elementor-element-5ec19e1 elementor-widget elementor-widget-text-editor\" data-id=\"5ec19e1\" data-element_type=\"widget\" data-e-type=\"widget\" data-widget_type=\"text-editor.default\">\n\t\t\t\t<div class=\"elementor-widget-container\">\n\t\t\t\t\t\t\t\t\t<h5><span style=\"font-weight: 400; color: #ffffff;\">El registro de tu nombre de marca te ayuda a construir y fortalecer la identidad de tu marca. A medida que tu negocio crece, tu nombre de marca se convierte en un activo valioso que puede diferenciarte de la competencia y generar reconocimiento entre los consumidores.<\/span><\/h5>\t\t\t\t\t\t\t\t<\/div>\n\t\t\t\t<\/div>\n\t\t\t\t<\/div>\n\t\t<div class=\"elementor-element elementor-element-dd6861c e-con-full e-flex e-con e-child\" data-id=\"dd6861c\" data-element_type=\"container\" data-e-type=\"container\" data-settings=\"{&quot;background_background&quot;:&quot;classic&quot;}\">\n\t\t\t\t<div class=\"elementor-element elementor-element-5689fda elementor-widget elementor-widget-heading\" data-id=\"5689fda\" data-element_type=\"widget\" data-e-type=\"widget\" data-widget_type=\"heading.default\">\n\t\t\t\t<div class=\"elementor-widget-container\">\n\t\t\t\t\t<h2 class=\"elementor-heading-title elementor-size-default\">CONFIANZA DEL CLIENTE<\/h2>\t\t\t\t<\/div>\n\t\t\t\t<\/div>\n\t\t\t\t<div class=\"elementor-element elementor-element-7b2ce7e elementor-widget elementor-widget-text-editor\" data-id=\"7b2ce7e\" data-element_type=\"widget\" data-e-type=\"widget\" data-widget_type=\"text-editor.default\">\n\t\t\t\t<div class=\"elementor-widget-container\">\n\t\t\t\t\t\t\t\t\t<h5><span style=\"font-weight: 400; color: #ffffff;\">Un nombre de marca registrado puede transmitir confianza y profesionalismo a tus clientes y socios comerciales. Demuestra que te tomas en serio tu negocio y que est\u00e1s comprometido a largo plazo.<\/span><\/h5><p><span style=\"font-weight: 400;\">\u00a0<\/span><\/p>\t\t\t\t\t\t\t\t<\/div>\n\t\t\t\t<\/div>\n\t\t\t\t<\/div>\n\t\t\t\t\t<\/div>\n\t\t\t\t<\/div>\n\t\t<div class=\"elementor-element elementor-element-b6541fa e-flex e-con-boxed e-con e-child\" data-id=\"b6541fa\" data-element_type=\"container\" data-e-type=\"container\">\n\t\t\t\t\t<div class=\"e-con-inner\">\n\t\t<div class=\"elementor-element elementor-element-403b3fd e-con-full e-flex e-con e-child\" data-id=\"403b3fd\" data-element_type=\"container\" data-e-type=\"container\" data-settings=\"{&quot;background_background&quot;:&quot;classic&quot;}\">\n\t\t\t\t<div class=\"elementor-element elementor-element-4de5525 elementor-widget elementor-widget-heading\" data-id=\"4de5525\" data-element_type=\"widget\" data-e-type=\"widget\" data-widget_type=\"heading.default\">\n\t\t\t\t<div class=\"elementor-widget-container\">\n\t\t\t\t\t<h2 class=\"elementor-heading-title elementor-size-default\">ACCESO A OTROS MERCADOS<\/h2>\t\t\t\t<\/div>\n\t\t\t\t<\/div>\n\t\t\t\t<div class=\"elementor-element elementor-element-084ae97 elementor-widget elementor-widget-text-editor\" data-id=\"084ae97\" data-element_type=\"widget\" data-e-type=\"widget\" data-widget_type=\"text-editor.default\">\n\t\t\t\t<div class=\"elementor-widget-container\">\n\t\t\t\t\t\t\t\t\t<h5><span style=\"font-weight: 400; color: #ffffff;\">Si planeas expandirte a nivel nacional o internacional, el registro de tu marca te brinda protecci\u00f3n en diferentes jurisdicciones y te permite entrar en nuevos mercados sin preocuparte por conflictos legales.<\/span><\/h5>\t\t\t\t\t\t\t\t<\/div>\n\t\t\t\t<\/div>\n\t\t\t\t<\/div>\n\t\t<div class=\"elementor-element elementor-element-227b52c e-con-full e-flex e-con e-child\" data-id=\"227b52c\" data-element_type=\"container\" data-e-type=\"container\" data-settings=\"{&quot;background_background&quot;:&quot;classic&quot;}\">\n\t\t\t\t<div class=\"elementor-element elementor-element-48140ec elementor-widget elementor-widget-heading\" data-id=\"48140ec\" data-element_type=\"widget\" data-e-type=\"widget\" data-widget_type=\"heading.default\">\n\t\t\t\t<div class=\"elementor-widget-container\">\n\t\t\t\t\t<h2 class=\"elementor-heading-title elementor-size-default\">VALORACI\u00d3N DE NEGOCIO<\/h2>\t\t\t\t<\/div>\n\t\t\t\t<\/div>\n\t\t\t\t<div class=\"elementor-element elementor-element-7428c83 elementor-widget elementor-widget-text-editor\" data-id=\"7428c83\" data-element_type=\"widget\" data-e-type=\"widget\" data-widget_type=\"text-editor.default\">\n\t\t\t\t<div class=\"elementor-widget-container\">\n\t\t\t\t\t\t\t\t\t<h5><span style=\"font-weight: 400; color: #ffffff;\">Un nombre de marca registrado puede aumentar el valor de tu negocio, ya que es un activo intangible que puede aumentar el atractivo para los inversores potenciales o en una eventual venta de la empresa.<\/span><\/h5>\t\t\t\t\t\t\t\t<\/div>\n\t\t\t\t<\/div>\n\t\t\t\t<\/div>\n\t\t\t\t\t<\/div>\n\t\t\t\t<\/div>\n\t\t\t\t<div class=\"elementor-element elementor-element-51bc785 elementor-widget elementor-widget-text-editor\" data-id=\"51bc785\" data-element_type=\"widget\" data-e-type=\"widget\" data-widget_type=\"text-editor.default\">\n\t\t\t\t<div class=\"elementor-widget-container\">\n\t\t\t\t\t\t\t\t\t<p><span style=\"color: #000000;\">Registrar el nombre de tu marca es una medida importante para proteger tus derechos legales, construir una marca s\u00f3lida y generar confianza entre tus clientes.<\/span><\/p>\t\t\t\t\t\t\t\t<\/div>\n\t\t\t\t<\/div>\n\t\t\t\t<div class=\"elementor-element elementor-element-70378d7 elementor-widget elementor-widget-heading\" data-id=\"70378d7\" data-element_type=\"widget\" data-e-type=\"widget\" id=\"voz\" data-widget_type=\"heading.default\">\n\t\t\t\t<div class=\"elementor-widget-container\">\n\t\t\t\t\t<h2 class=\"elementor-heading-title elementor-size-default\"><b>La Voz de Marca<\/b><\/h2>\t\t\t\t<\/div>\n\t\t\t\t<\/div>\n\t\t\t\t<div class=\"elementor-element elementor-element-3e6b742 elementor-widget elementor-widget-text-editor\" data-id=\"3e6b742\" data-element_type=\"widget\" data-e-type=\"widget\" data-widget_type=\"text-editor.default\">\n\t\t\t\t<div class=\"elementor-widget-container\">\n\t\t\t\t\t\t\t\t\t<p><span style=\"font-weight: 400; color: #000000;\">La voz de marca se refiere a la personalidad y el tono distintivo que una marca utiliza en su comunicaci\u00f3n con los clientes y el p\u00fablico en general. Es la manera en que una marca se expresa a trav\u00e9s de su contenido, mensajes y conversaciones, y juega un papel fundamental en la construcci\u00f3n de la identidad y la percepci\u00f3n de la marca.<\/span><\/p><p><span style=\"color: #3366ff;\"><strong>La voz de marca abarca varios aspectos, incluyendo:<\/strong><\/span><\/p>\t\t\t\t\t\t\t\t<\/div>\n\t\t\t\t<\/div>\n\t\t<div class=\"elementor-element elementor-element-75aab7f e-flex e-con-boxed e-con e-child\" data-id=\"75aab7f\" data-element_type=\"container\" data-e-type=\"container\" data-settings=\"{&quot;background_background&quot;:&quot;classic&quot;}\">\n\t\t\t\t\t<div class=\"e-con-inner\">\n\t\t<div class=\"elementor-element elementor-element-54dc691 e-con-full e-flex e-con e-child\" data-id=\"54dc691\" data-element_type=\"container\" data-e-type=\"container\" data-settings=\"{&quot;background_background&quot;:&quot;classic&quot;}\">\n\t\t\t\t<div class=\"elementor-element elementor-element-10b4906 elementor-widget elementor-widget-heading\" data-id=\"10b4906\" data-element_type=\"widget\" data-e-type=\"widget\" data-widget_type=\"heading.default\">\n\t\t\t\t<div class=\"elementor-widget-container\">\n\t\t\t\t\t<h2 class=\"elementor-heading-title elementor-size-default\">PERSONALIDAD<\/h2>\t\t\t\t<\/div>\n\t\t\t\t<\/div>\n\t\t\t\t<div class=\"elementor-element elementor-element-3a1422f elementor-widget elementor-widget-text-editor\" data-id=\"3a1422f\" data-element_type=\"widget\" data-e-type=\"widget\" data-widget_type=\"text-editor.default\">\n\t\t\t\t<div class=\"elementor-widget-container\">\n\t\t\t\t\t\t\t\t\t<h5><span style=\"font-weight: 400; color: #ffffff;\">\u00a0Define c\u00f3mo quieres que tu marca sea percibida por tu audiencia. Puede ser amigable, profesional, divertida, seria, entre otras cualidades.<\/span><\/h5>\t\t\t\t\t\t\t\t<\/div>\n\t\t\t\t<\/div>\n\t\t\t\t<\/div>\n\t\t<div class=\"elementor-element elementor-element-1c79b46 e-con-full e-flex e-con e-child\" data-id=\"1c79b46\" data-element_type=\"container\" data-e-type=\"container\" data-settings=\"{&quot;background_background&quot;:&quot;classic&quot;}\">\n\t\t\t\t<div class=\"elementor-element elementor-element-a980f11 elementor-widget elementor-widget-heading\" data-id=\"a980f11\" data-element_type=\"widget\" data-e-type=\"widget\" data-widget_type=\"heading.default\">\n\t\t\t\t<div class=\"elementor-widget-container\">\n\t\t\t\t\t<h2 class=\"elementor-heading-title elementor-size-default\">TONO DE COMUNICACI\u00d3N<\/h2>\t\t\t\t<\/div>\n\t\t\t\t<\/div>\n\t\t\t\t<div class=\"elementor-element elementor-element-6f090fb elementor-widget elementor-widget-text-editor\" data-id=\"6f090fb\" data-element_type=\"widget\" data-e-type=\"widget\" data-widget_type=\"text-editor.default\">\n\t\t\t\t<div class=\"elementor-widget-container\">\n\t\t\t\t\t\t\t\t\t<h5><span style=\"font-weight: 400; color: #ffffff;\">Establece el tono y el estilo de la comunicaci\u00f3n de la marca. Puede ser formal o informal, directo o humor\u00edstico, dependiendo del p\u00fablico objetivo y el contexto.<\/span><\/h5>\t\t\t\t\t\t\t\t<\/div>\n\t\t\t\t<\/div>\n\t\t\t\t<\/div>\n\t\t\t\t\t<\/div>\n\t\t\t\t<\/div>\n\t\t<div class=\"elementor-element elementor-element-ad6ab7e e-flex e-con-boxed e-con e-child\" data-id=\"ad6ab7e\" data-element_type=\"container\" data-e-type=\"container\">\n\t\t\t\t\t<div class=\"e-con-inner\">\n\t\t<div class=\"elementor-element elementor-element-3eb5374 e-con-full e-flex e-con e-child\" data-id=\"3eb5374\" data-element_type=\"container\" data-e-type=\"container\" data-settings=\"{&quot;background_background&quot;:&quot;classic&quot;}\">\n\t\t\t\t<div class=\"elementor-element elementor-element-d4f4668 elementor-widget elementor-widget-heading\" data-id=\"d4f4668\" data-element_type=\"widget\" data-e-type=\"widget\" data-widget_type=\"heading.default\">\n\t\t\t\t<div class=\"elementor-widget-container\">\n\t\t\t\t\t<h2 class=\"elementor-heading-title elementor-size-default\">VALORES Y MENSAJES CLAVES<\/h2>\t\t\t\t<\/div>\n\t\t\t\t<\/div>\n\t\t\t\t<div class=\"elementor-element elementor-element-6ae41b0 elementor-widget elementor-widget-text-editor\" data-id=\"6ae41b0\" data-element_type=\"widget\" data-e-type=\"widget\" data-widget_type=\"text-editor.default\">\n\t\t\t\t<div class=\"elementor-widget-container\">\n\t\t\t\t\t\t\t\t\t<h5><span style=\"font-weight: 400; color: #ffffff;\">Identifica los valores fundamentales de la marca y los mensajes que desea comunicar a su audiencia. Estos mensajes deben ser coherentes con la identidad de la marca y resonar con los valores y necesidades de los clientes.<\/span><\/h5>\t\t\t\t\t\t\t\t<\/div>\n\t\t\t\t<\/div>\n\t\t\t\t<\/div>\n\t\t<div class=\"elementor-element elementor-element-f8d1168 e-con-full e-flex e-con e-child\" data-id=\"f8d1168\" data-element_type=\"container\" data-e-type=\"container\" data-settings=\"{&quot;background_background&quot;:&quot;classic&quot;}\">\n\t\t\t\t<div class=\"elementor-element elementor-element-450807a elementor-widget elementor-widget-heading\" data-id=\"450807a\" data-element_type=\"widget\" data-e-type=\"widget\" data-widget_type=\"heading.default\">\n\t\t\t\t<div class=\"elementor-widget-container\">\n\t\t\t\t\t<h2 class=\"elementor-heading-title elementor-size-default\">CONSISTENCIA<\/h2>\t\t\t\t<\/div>\n\t\t\t\t<\/div>\n\t\t\t\t<div class=\"elementor-element elementor-element-60998fb elementor-widget elementor-widget-text-editor\" data-id=\"60998fb\" data-element_type=\"widget\" data-e-type=\"widget\" data-widget_type=\"text-editor.default\">\n\t\t\t\t<div class=\"elementor-widget-container\">\n\t\t\t\t\t\t\t\t\t<h5><span style=\"font-weight: 400; color: #ffffff;\">\u00a0Es importante mantener una voz de marca coherente en todas las plataformas y puntos de contacto con los clientes, incluyendo el sitio web, redes sociales, publicidad, servicio al cliente, entre otros.<\/span><\/h5>\t\t\t\t\t\t\t\t<\/div>\n\t\t\t\t<\/div>\n\t\t\t\t<\/div>\n\t\t\t\t\t<\/div>\n\t\t\t\t<\/div>\n\t\t\t\t<div class=\"elementor-element elementor-element-c511045 elementor-widget elementor-widget-text-editor\" data-id=\"c511045\" data-element_type=\"widget\" data-e-type=\"widget\" data-widget_type=\"text-editor.default\">\n\t\t\t\t<div class=\"elementor-widget-container\">\n\t\t\t\t\t\t\t\t\t<p style=\"text-align: left;\"><span style=\"color: rgb(0, 0, 0);\">Una voz de marca fuerte y coherente puede ayudar a construir relaciones m\u00e1s s\u00f3lidas con los clientes, generar confianza y lealtad hacia la marca, y diferenciarla de la competencia.<\/span><\/p>\t\t\t\t\t\t\t\t<\/div>\n\t\t\t\t<\/div>\n\t\t\t\t<div class=\"elementor-element elementor-element-7a90784 elementor-widget-divider--view-line elementor-widget elementor-widget-divider\" data-id=\"7a90784\" data-element_type=\"widget\" data-e-type=\"widget\" data-widget_type=\"divider.default\">\n\t\t\t\t<div class=\"elementor-widget-container\">\n\t\t\t\t\t\t\t<div class=\"elementor-divider\">\n\t\t\t<span class=\"elementor-divider-separator\">\n\t\t\t\t\t\t<\/span>\n\t\t<\/div>\n\t\t\t\t\t\t<\/div>\n\t\t\t\t<\/div>\n\t\t\t\t<div class=\"elementor-element elementor-element-a60df3a elementor-widget elementor-widget-text-editor\" data-id=\"a60df3a\" data-element_type=\"widget\" data-e-type=\"widget\" data-widget_type=\"text-editor.default\">\n\t\t\t\t<div class=\"elementor-widget-container\">\n\t\t\t\t\t\t\t\t\t<p><span style=\"color: #2f3b69;\"><b>Te dejamos un\u00a0 ejemplo de c\u00f3mo podr\u00eda ser la voz de marca de un emprendimiento de moda textil.<\/b><\/span><\/p>\t\t\t\t\t\t\t\t<\/div>\n\t\t\t\t<\/div>\n\t\t<div class=\"elementor-element elementor-element-39d095a e-flex e-con-boxed e-con e-child\" data-id=\"39d095a\" data-element_type=\"container\" data-e-type=\"container\">\n\t\t\t\t\t<div class=\"e-con-inner\">\n\t\t<div class=\"elementor-element elementor-element-f001530 e-flex e-con-boxed e-con e-child\" data-id=\"f001530\" data-element_type=\"container\" data-e-type=\"container\">\n\t\t\t\t\t<div class=\"e-con-inner\">\n\t\t<div class=\"elementor-element elementor-element-7724b97 e-con-full e-flex e-con e-child\" data-id=\"7724b97\" data-element_type=\"container\" data-e-type=\"container\" data-settings=\"{&quot;background_background&quot;:&quot;classic&quot;}\">\n\t\t\t\t<div class=\"elementor-element elementor-element-82923e0 elementor-widget elementor-widget-heading\" data-id=\"82923e0\" data-element_type=\"widget\" data-e-type=\"widget\" data-widget_type=\"heading.default\">\n\t\t\t\t<div class=\"elementor-widget-container\">\n\t\t\t\t\t<h2 class=\"elementor-heading-title elementor-size-default\">NOMBRE DE LA MARCA<\/h2>\t\t\t\t<\/div>\n\t\t\t\t<\/div>\n\t\t\t\t<div class=\"elementor-element elementor-element-0189d5e elementor-widget elementor-widget-text-editor\" data-id=\"0189d5e\" data-element_type=\"widget\" data-e-type=\"widget\" data-widget_type=\"text-editor.default\">\n\t\t\t\t<div class=\"elementor-widget-container\">\n\t\t\t\t\t\t\t\t\t<h5><span style=\"color: #000000;\">&#8220;EcoChic Textiles&#8221;<\/span><\/h5>\t\t\t\t\t\t\t\t<\/div>\n\t\t\t\t<\/div>\n\t\t\t\t<\/div>\n\t\t<div class=\"elementor-element elementor-element-483c475 e-con-full e-flex e-con e-child\" data-id=\"483c475\" data-element_type=\"container\" data-e-type=\"container\" data-settings=\"{&quot;background_background&quot;:&quot;classic&quot;}\">\n\t\t\t\t<div class=\"elementor-element elementor-element-dc754bb elementor-widget elementor-widget-heading\" data-id=\"dc754bb\" data-element_type=\"widget\" data-e-type=\"widget\" data-widget_type=\"heading.default\">\n\t\t\t\t<div class=\"elementor-widget-container\">\n\t\t\t\t\t<h2 class=\"elementor-heading-title elementor-size-default\">PERSONALIDAD<\/h2>\t\t\t\t<\/div>\n\t\t\t\t<\/div>\n\t\t\t\t<div class=\"elementor-element elementor-element-d684808 elementor-widget elementor-widget-text-editor\" data-id=\"d684808\" data-element_type=\"widget\" data-e-type=\"widget\" data-widget_type=\"text-editor.default\">\n\t\t\t\t<div class=\"elementor-widget-container\">\n\t\t\t\t\t\t\t\t\t<h5><span style=\"color: #000000;\">Amigable, consciente del medio ambiente, moderna, accesible.<\/span><\/h5>\t\t\t\t\t\t\t\t<\/div>\n\t\t\t\t<\/div>\n\t\t\t\t<\/div>\n\t\t\t\t\t<\/div>\n\t\t\t\t<\/div>\n\t\t\t\t\t<\/div>\n\t\t\t\t<\/div>\n\t\t<div class=\"elementor-element elementor-element-a73a587 e-flex e-con-boxed e-con e-child\" data-id=\"a73a587\" data-element_type=\"container\" data-e-type=\"container\">\n\t\t\t\t\t<div class=\"e-con-inner\">\n\t\t<div class=\"elementor-element elementor-element-58423d6 e-con-full e-flex e-con e-child\" data-id=\"58423d6\" data-element_type=\"container\" data-e-type=\"container\" data-settings=\"{&quot;background_background&quot;:&quot;classic&quot;}\">\n\t\t\t\t<div class=\"elementor-element elementor-element-02cd35f elementor-widget elementor-widget-heading\" data-id=\"02cd35f\" data-element_type=\"widget\" data-e-type=\"widget\" data-widget_type=\"heading.default\">\n\t\t\t\t<div class=\"elementor-widget-container\">\n\t\t\t\t\t<h2 class=\"elementor-heading-title elementor-size-default\">TONO DE COMUNICACI\u00d3N<\/h2>\t\t\t\t<\/div>\n\t\t\t\t<\/div>\n\t\t\t\t<div class=\"elementor-element elementor-element-0b39b6a elementor-widget elementor-widget-text-editor\" data-id=\"0b39b6a\" data-element_type=\"widget\" data-e-type=\"widget\" data-widget_type=\"text-editor.default\">\n\t\t\t\t<div class=\"elementor-widget-container\">\n\t\t\t\t\t\t\t\t\t<h5><span style=\"color: #000000;\">C\u00e1lido, informativo, inspirador.<\/span><\/h5>\t\t\t\t\t\t\t\t<\/div>\n\t\t\t\t<\/div>\n\t\t\t\t<\/div>\n\t\t\t\t\t<\/div>\n\t\t\t\t<\/div>\n\t\t<div class=\"elementor-element elementor-element-b6ecb9a e-flex e-con-boxed e-con e-child\" data-id=\"b6ecb9a\" data-element_type=\"container\" data-e-type=\"container\">\n\t\t\t\t\t<div class=\"e-con-inner\">\n\t\t<div class=\"elementor-element elementor-element-92c5cd5 e-con-full e-flex e-con e-child\" data-id=\"92c5cd5\" data-element_type=\"container\" data-e-type=\"container\" data-settings=\"{&quot;background_background&quot;:&quot;classic&quot;}\">\n\t\t\t\t<div class=\"elementor-element elementor-element-03d6bf4 elementor-widget elementor-widget-heading\" data-id=\"03d6bf4\" data-element_type=\"widget\" data-e-type=\"widget\" data-widget_type=\"heading.default\">\n\t\t\t\t<div class=\"elementor-widget-container\">\n\t\t\t\t\t<h2 class=\"elementor-heading-title elementor-size-default\">VALORES Y MENSAJES CLAVES<\/h2>\t\t\t\t<\/div>\n\t\t\t\t<\/div>\n\t\t\t\t<div class=\"elementor-element elementor-element-3e84038 elementor-widget elementor-widget-text-editor\" data-id=\"3e84038\" data-element_type=\"widget\" data-e-type=\"widget\" data-widget_type=\"text-editor.default\">\n\t\t\t\t<div class=\"elementor-widget-container\">\n\t\t\t\t\t\t\t\t\t<ol><li style=\"font-weight: 400; text-align: left;\" aria-level=\"1\"><h5><span style=\"font-weight: 400; color: #000000;\"><strong>Sostenibilidad:<\/strong> Compromiso con la moda sostenible y respetuosa con el medio ambiente.<\/span><\/h5><\/li><li style=\"font-weight: 400; text-align: left;\" aria-level=\"1\"><h5><span style=\"font-weight: 400; color: #000000;\"><strong>Calidad:<\/strong> Enfoque en la calidad de los materiales y la artesan\u00eda.<\/span><\/h5><\/li><li style=\"font-weight: 400; text-align: left;\" aria-level=\"1\"><h5><span style=\"font-weight: 400; color: #000000;\"><strong>Estilo:<\/strong> Ofrecer dise\u00f1os modernos y vers\u00e1tiles que se adapten a un estilo de vida consciente.<\/span><\/h5><\/li><li style=\"font-weight: 400; text-align: left;\" aria-level=\"1\"><h5><span style=\"font-weight: 400; color: #000000;\"><strong>Comunidad:<\/strong> Construir una comunidad de amantes de la moda que compartan valores de sostenibilidad y responsabilidad social.<\/span><\/h5><\/li><li style=\"font-weight: 400; text-align: left;\" aria-level=\"1\"><h5><span style=\"font-weight: 400; color: #000000;\"><strong>Empoderamiento<\/strong>: Inspirar a los clientes a tomar decisiones de compra \u00e9ticas y conscientes.<\/span><\/h5><\/li><\/ol>\t\t\t\t\t\t\t\t<\/div>\n\t\t\t\t<\/div>\n\t\t\t\t<\/div>\n\t\t\t\t\t<\/div>\n\t\t\t\t<\/div>\n\t\t<div class=\"elementor-element elementor-element-397fded e-flex e-con-boxed e-con e-child\" data-id=\"397fded\" data-element_type=\"container\" data-e-type=\"container\">\n\t\t\t\t\t<div class=\"e-con-inner\">\n\t\t<div class=\"elementor-element elementor-element-d7668b0 e-con-full e-flex e-con e-child\" data-id=\"d7668b0\" data-element_type=\"container\" data-e-type=\"container\" data-settings=\"{&quot;background_background&quot;:&quot;classic&quot;}\">\n\t\t\t\t<div class=\"elementor-element elementor-element-cf15024 elementor-widget elementor-widget-heading\" data-id=\"cf15024\" data-element_type=\"widget\" data-e-type=\"widget\" data-widget_type=\"heading.default\">\n\t\t\t\t<div class=\"elementor-widget-container\">\n\t\t\t\t\t<h2 class=\"elementor-heading-title elementor-size-default\">CONSISTENCIA<\/h2>\t\t\t\t<\/div>\n\t\t\t\t<\/div>\n\t\t\t\t<div class=\"elementor-element elementor-element-c79269b elementor-widget elementor-widget-text-editor\" data-id=\"c79269b\" data-element_type=\"widget\" data-e-type=\"widget\" data-widget_type=\"text-editor.default\">\n\t\t\t\t<div class=\"elementor-widget-container\">\n\t\t\t\t\t\t\t\t\t<h5><span style=\"color: #000000;\">La marca EcoChic Textiles utiliza un lenguaje c\u00e1lido y amigable en sus mensajes en redes sociales y en su sitio web. Comparte contenido informativo sobre la moda sostenible, consejos de estilo y detalles sobre los procesos de fabricaci\u00f3n responsables. Adem\u00e1s, colabora con influenciadores y organizaciones ambientales para ampliar su alcance y promover su mensaje de sostenibilidad.<\/span><\/h5>\t\t\t\t\t\t\t\t<\/div>\n\t\t\t\t<\/div>\n\t\t\t\t<\/div>\n\t\t\t\t\t<\/div>\n\t\t\t\t<\/div>\n\t\t\t\t<div class=\"elementor-element elementor-element-370d5cf elementor-widget elementor-widget-text-editor\" data-id=\"370d5cf\" data-element_type=\"widget\" data-e-type=\"widget\" data-widget_type=\"text-editor.default\">\n\t\t\t\t<div class=\"elementor-widget-container\">\n\t\t\t\t\t\t\t\t\t<p><span style=\"color: #000000;\">Este ejemplo muestra c\u00f3mo una marca textil puede desarrollar una voz distintiva que refleje sus valores, personalidad y compromiso con la sostenibilidad, al mismo tiempo que se conecta con su p\u00fablico objetivo de manera aut\u00e9ntica y relevante.<\/span><\/p>\t\t\t\t\t\t\t\t<\/div>\n\t\t\t\t<\/div>\n\t\t<div class=\"elementor-element elementor-element-3b5c647 e-con-full e-flex e-con e-child\" data-id=\"3b5c647\" data-element_type=\"container\" data-e-type=\"container\">\n\t\t\t\t<div class=\"elementor-element elementor-element-8028291 elementor-widget elementor-widget-heading\" data-id=\"8028291\" data-element_type=\"widget\" data-e-type=\"widget\" id=\"img\" data-widget_type=\"heading.default\">\n\t\t\t\t<div class=\"elementor-widget-container\">\n\t\t\t\t\t<h2 class=\"elementor-heading-title elementor-size-default\"><b>La imagen de mi emprendimiento<\/b><\/h2>\t\t\t\t<\/div>\n\t\t\t\t<\/div>\n\t\t\t\t<div class=\"elementor-element elementor-element-39d6db0 elementor-widget elementor-widget-text-editor\" data-id=\"39d6db0\" data-element_type=\"widget\" data-e-type=\"widget\" data-widget_type=\"text-editor.default\">\n\t\t\t\t<div class=\"elementor-widget-container\">\n\t\t\t\t\t\t\t\t\t<h4><span style=\"font-weight: 400; color: #000000;\">La voz de marca est\u00e1 relacionada con la comunicaci\u00f3n visual e imagen de tu emprendimiento. La comunicaci\u00f3n visual y la identidad de marca son componentes clave que complementan y refuerzan la voz de marca en su conjunto. Aqu\u00ed te explico c\u00f3mo se relacionan:<\/span><\/h4><h4><span style=\"color: #3366ff;\"><strong>La voz de marca abarca varios aspectos, incluyendo:<\/strong><\/span><\/h4>\t\t\t\t\t\t\t\t<\/div>\n\t\t\t\t<\/div>\n\t\t\t\t<\/div>\n\t\t\t\t\t<\/div>\n\t\t\t\t<\/div>\n\t\t<div class=\"elementor-element elementor-element-49bbcf6 e-con-full e-flex e-con e-parent\" data-id=\"49bbcf6\" data-element_type=\"container\" data-e-type=\"container\">\n\t\t<div class=\"elementor-element elementor-element-041cc1c e-con-full e-flex e-con e-child\" data-id=\"041cc1c\" data-element_type=\"container\" data-e-type=\"container\">\n\t\t<div class=\"elementor-element elementor-element-f0fb1e2 e-con-full e-flex e-con e-child\" data-id=\"f0fb1e2\" data-element_type=\"container\" data-e-type=\"container\" data-settings=\"{&quot;background_background&quot;:&quot;classic&quot;}\">\n\t\t\t\t<div class=\"elementor-element elementor-element-00d25be elementor-widget elementor-widget-heading\" data-id=\"00d25be\" data-element_type=\"widget\" data-e-type=\"widget\" data-widget_type=\"heading.default\">\n\t\t\t\t<div class=\"elementor-widget-container\">\n\t\t\t\t\t<h2 class=\"elementor-heading-title elementor-size-default\">COHERENCIA<\/h2>\t\t\t\t<\/div>\n\t\t\t\t<\/div>\n\t\t\t\t<div class=\"elementor-element elementor-element-08eb53f elementor-widget elementor-widget-text-editor\" data-id=\"08eb53f\" data-element_type=\"widget\" data-e-type=\"widget\" data-widget_type=\"text-editor.default\">\n\t\t\t\t<div class=\"elementor-widget-container\">\n\t\t\t\t\t\t\t\t\t<p><span style=\"font-weight: 400; color: #ffffff;\">Es importante que la comunicaci\u00f3n visual de tu emprendimiento, como el dise\u00f1o del logotipo, los colores, la tipograf\u00eda y el estilo visual, est\u00e9n alineados con la voz de marca. La coherencia entre la comunicaci\u00f3n visual y la voz de marca ayuda a crear una experiencia de marca unificada y cohesiva para tus clientes.<\/span><\/p>\t\t\t\t\t\t\t\t<\/div>\n\t\t\t\t<\/div>\n\t\t\t\t<\/div>\n\t\t\t\t<\/div>\n\t\t<div class=\"elementor-element elementor-element-73349f9 e-con-full e-flex e-con e-child\" data-id=\"73349f9\" data-element_type=\"container\" data-e-type=\"container\">\n\t\t<div class=\"elementor-element elementor-element-0b5f500 e-con-full e-flex e-con e-child\" data-id=\"0b5f500\" data-element_type=\"container\" data-e-type=\"container\" data-settings=\"{&quot;background_background&quot;:&quot;classic&quot;}\">\n\t\t\t\t<div class=\"elementor-element elementor-element-f5ee91e elementor-widget elementor-widget-heading\" data-id=\"f5ee91e\" data-element_type=\"widget\" data-e-type=\"widget\" data-widget_type=\"heading.default\">\n\t\t\t\t<div class=\"elementor-widget-container\">\n\t\t\t\t\t<h2 class=\"elementor-heading-title elementor-size-default\">REFUERZO DE MENSAJE CLAVE<\/h2>\t\t\t\t<\/div>\n\t\t\t\t<\/div>\n\t\t\t\t<div class=\"elementor-element elementor-element-c8490bd elementor-widget elementor-widget-spacer\" data-id=\"c8490bd\" data-element_type=\"widget\" data-e-type=\"widget\" data-widget_type=\"spacer.default\">\n\t\t\t\t<div class=\"elementor-widget-container\">\n\t\t\t\t\t\t\t<div class=\"elementor-spacer\">\n\t\t\t<div class=\"elementor-spacer-inner\"><\/div>\n\t\t<\/div>\n\t\t\t\t\t\t<\/div>\n\t\t\t\t<\/div>\n\t\t\t\t<div class=\"elementor-element elementor-element-bc16408 elementor-widget elementor-widget-text-editor\" data-id=\"bc16408\" data-element_type=\"widget\" data-e-type=\"widget\" data-widget_type=\"text-editor.default\">\n\t\t\t\t<div class=\"elementor-widget-container\">\n\t\t\t\t\t\t\t\t\t<p><span style=\"font-weight: 400; color: #ffffff;\">La comunicaci\u00f3n visual puede ayudar a reforzar los mensajes clave de tu marca. Por ejemplo, si tu voz de marca se centra en la calidad y la artesan\u00eda, el dise\u00f1o visual de tus materiales de marketing y productos debe reflejar esa sensaci\u00f3n de calidad y atenci\u00f3n al detalle.<\/span><\/p>\t\t\t\t\t\t\t\t<\/div>\n\t\t\t\t<\/div>\n\t\t\t\t<\/div>\n\t\t\t\t<\/div>\n\t\t\t\t<\/div>\n\t\t<div class=\"elementor-element elementor-element-ab02e50 e-con-full e-flex e-con e-parent\" data-id=\"ab02e50\" data-element_type=\"container\" data-e-type=\"container\">\n\t\t<div class=\"elementor-element elementor-element-7450910 e-con-full e-flex e-con e-child\" data-id=\"7450910\" data-element_type=\"container\" data-e-type=\"container\">\n\t\t<div class=\"elementor-element elementor-element-2880bec e-con-full e-flex e-con e-child\" data-id=\"2880bec\" data-element_type=\"container\" data-e-type=\"container\" data-settings=\"{&quot;background_background&quot;:&quot;classic&quot;}\">\n\t\t\t\t<div class=\"elementor-element elementor-element-1a00171 elementor-widget elementor-widget-heading\" data-id=\"1a00171\" data-element_type=\"widget\" data-e-type=\"widget\" data-widget_type=\"heading.default\">\n\t\t\t\t<div class=\"elementor-widget-container\">\n\t\t\t\t\t<h2 class=\"elementor-heading-title elementor-size-default\">CREACI\u00d3N DE EMOCIONES<\/h2>\t\t\t\t<\/div>\n\t\t\t\t<\/div>\n\t\t\t\t<div class=\"elementor-element elementor-element-4ced6b6 elementor-widget elementor-widget-spacer\" data-id=\"4ced6b6\" data-element_type=\"widget\" data-e-type=\"widget\" data-widget_type=\"spacer.default\">\n\t\t\t\t<div class=\"elementor-widget-container\">\n\t\t\t\t\t\t\t<div class=\"elementor-spacer\">\n\t\t\t<div class=\"elementor-spacer-inner\"><\/div>\n\t\t<\/div>\n\t\t\t\t\t\t<\/div>\n\t\t\t\t<\/div>\n\t\t\t\t<div class=\"elementor-element elementor-element-1ead3c5 elementor-widget elementor-widget-text-editor\" data-id=\"1ead3c5\" data-element_type=\"widget\" data-e-type=\"widget\" data-widget_type=\"text-editor.default\">\n\t\t\t\t<div class=\"elementor-widget-container\">\n\t\t\t\t\t\t\t\t\t<p><span style=\"font-weight: 400; color: #ffffff;\">La comunicaci\u00f3n visual tiene el poder de evocar emociones en tus clientes. Al alinear la comunicaci\u00f3n visual con la voz de marca, puedes crear una experiencia visual que transmita los valores y la personalidad de tu marca de manera efectiva.<\/span><\/p>\t\t\t\t\t\t\t\t<\/div>\n\t\t\t\t<\/div>\n\t\t\t\t<div class=\"elementor-element elementor-element-61a328b elementor-widget elementor-widget-spacer\" data-id=\"61a328b\" data-element_type=\"widget\" data-e-type=\"widget\" data-widget_type=\"spacer.default\">\n\t\t\t\t<div class=\"elementor-widget-container\">\n\t\t\t\t\t\t\t<div class=\"elementor-spacer\">\n\t\t\t<div class=\"elementor-spacer-inner\"><\/div>\n\t\t<\/div>\n\t\t\t\t\t\t<\/div>\n\t\t\t\t<\/div>\n\t\t\t\t<\/div>\n\t\t\t\t<\/div>\n\t\t<div class=\"elementor-element elementor-element-1175859 e-con-full e-flex e-con e-child\" data-id=\"1175859\" data-element_type=\"container\" data-e-type=\"container\">\n\t\t<div class=\"elementor-element elementor-element-2f64645 e-con-full e-flex e-con e-child\" data-id=\"2f64645\" data-element_type=\"container\" data-e-type=\"container\" data-settings=\"{&quot;background_background&quot;:&quot;classic&quot;}\">\n\t\t\t\t<div class=\"elementor-element elementor-element-d3b7b5c elementor-widget elementor-widget-heading\" data-id=\"d3b7b5c\" data-element_type=\"widget\" data-e-type=\"widget\" data-widget_type=\"heading.default\">\n\t\t\t\t<div class=\"elementor-widget-container\">\n\t\t\t\t\t<h2 class=\"elementor-heading-title elementor-size-default\">DIFERENCIACI\u00d3N<\/h2>\t\t\t\t<\/div>\n\t\t\t\t<\/div>\n\t\t\t\t<div class=\"elementor-element elementor-element-bed2928 elementor-widget elementor-widget-text-editor\" data-id=\"bed2928\" data-element_type=\"widget\" data-e-type=\"widget\" data-widget_type=\"text-editor.default\">\n\t\t\t\t<div class=\"elementor-widget-container\">\n\t\t\t\t\t\t\t\t\t<p><span style=\"font-weight: 400; color: #ffffff;\">La comunicaci\u00f3n visual puede ayudar a diferenciar tu marca de la competencia y destacar en el mercado. Un dise\u00f1o visual \u00fanico y distintivo puede ayudar a tu marca a destacar y ser reconocida por los consumidores.<br \/><br \/><\/span><\/p>\t\t\t\t\t\t\t\t<\/div>\n\t\t\t\t<\/div>\n\t\t\t\t<\/div>\n\t\t\t\t<\/div>\n\t\t\t\t<\/div>\n\t\t<div class=\"elementor-element elementor-element-cd8ad3a e-flex e-con-boxed e-con e-parent\" data-id=\"cd8ad3a\" data-element_type=\"container\" data-e-type=\"container\">\n\t\t\t\t\t<div class=\"e-con-inner\">\n\t\t<div class=\"elementor-element elementor-element-970b0d0 e-con-full e-flex e-con e-child\" data-id=\"970b0d0\" data-element_type=\"container\" data-e-type=\"container\">\n\t\t\t\t<div class=\"elementor-element elementor-element-99b4a8e elementor-widget elementor-widget-text-editor\" data-id=\"99b4a8e\" data-element_type=\"widget\" data-e-type=\"widget\" data-widget_type=\"text-editor.default\">\n\t\t\t\t<div class=\"elementor-widget-container\">\n\t\t\t\t\t\t\t\t\t<h4><span style=\"color: #000000;\">La comunicaci\u00f3n visual y la voz de marca trabajan juntas para crear una experiencia de marca cohesiva y memorable para tus clientes. Es importante tener en cuenta ambas cuando est\u00e9s desarrollando la identidad de tu emprendimiento.<\/span><\/h4>\t\t\t\t\t\t\t\t<\/div>\n\t\t\t\t<\/div>\n\t\t\t\t<\/div>\n\t\t\t\t\t<\/div>\n\t\t\t\t<\/div>\n\t\t<div class=\"elementor-element elementor-element-4c135f3 e-flex e-con-boxed e-con e-parent\" data-id=\"4c135f3\" data-element_type=\"container\" data-e-type=\"container\">\n\t\t\t\t\t<div class=\"e-con-inner\">\n\t\t<div class=\"elementor-element elementor-element-398573c e-con-full e-flex e-con e-child\" data-id=\"398573c\" data-element_type=\"container\" data-e-type=\"container\">\n\t\t\t\t<div class=\"elementor-element elementor-element-4adb8d4 elementor-align-center elementor-widget elementor-widget-button\" data-id=\"4adb8d4\" data-element_type=\"widget\" data-e-type=\"widget\" data-widget_type=\"button.default\">\n\t\t\t\t<div class=\"elementor-widget-container\">\n\t\t\t\t\t\t\t\t\t<div class=\"elementor-button-wrapper\">\n\t\t\t\t\t<a class=\"elementor-button elementor-button-link elementor-size-sm elementor-animation-shrink\" href=\"https:\/\/caproq.com\/index.php\/impulsa\/\">\n\t\t\t\t\t\t<span class=\"elementor-button-content-wrapper\">\n\t\t\t\t\t\t\t\t\t<span class=\"elementor-button-text\">Volver a Impulsa<\/span>\n\t\t\t\t\t<\/span>\n\t\t\t\t\t<\/a>\n\t\t\t\t<\/div>\n\t\t\t\t\t\t\t\t<\/div>\n\t\t\t\t<\/div>\n\t\t\t\t<\/div>\n\t\t\t\t\t<\/div>\n\t\t\t\t<\/div>\n\t\t\t\t<\/div>\n\t\t","protected":false},"excerpt":{"rendered":"<p>\u00bfComo determino el precio de mis productos? \u00bfComo calculo el costo de producci\u00f3n? \u00bfPor qu\u00e9 es importante registrar el nombre de mi marca? Voz&hellip;<\/p>\n","protected":false},"author":1,"featured_media":0,"parent":0,"menu_order":0,"comment_status":"closed","ping_status":"closed","template":"elementor_canvas","meta":{"footnotes":""},"class_list":["post-1969","page","type-page","status-publish","hentry"],"_links":{"self":[{"href":"https:\/\/caproq.com\/index.php\/wp-json\/wp\/v2\/pages\/1969","targetHints":{"allow":["GET"]}}],"collection":[{"href":"https:\/\/caproq.com\/index.php\/wp-json\/wp\/v2\/pages"}],"about":[{"href":"https:\/\/caproq.com\/index.php\/wp-json\/wp\/v2\/types\/page"}],"author":[{"embeddable":true,"href":"https:\/\/caproq.com\/index.php\/wp-json\/wp\/v2\/users\/1"}],"replies":[{"embeddable":true,"href":"https:\/\/caproq.com\/index.php\/wp-json\/wp\/v2\/comments?post=1969"}],"version-history":[{"count":50,"href":"https:\/\/caproq.com\/index.php\/wp-json\/wp\/v2\/pages\/1969\/revisions"}],"predecessor-version":[{"id":3117,"href":"https:\/\/caproq.com\/index.php\/wp-json\/wp\/v2\/pages\/1969\/revisions\/3117"}],"wp:attachment":[{"href":"https:\/\/caproq.com\/index.php\/wp-json\/wp\/v2\/media?parent=1969"}],"curies":[{"name":"wp","href":"https:\/\/api.w.org\/{rel}","templated":true}]}}